{"id":2545,"date":"2019-08-01T13:25:24","date_gmt":"2019-08-01T11:25:24","guid":{"rendered":"https:\/\/www.bspool.eu\/politica-privacidad\/"},"modified":"2024-03-26T10:58:35","modified_gmt":"2024-03-26T09:58:35","slug":"politica-privacitat","status":"publish","type":"page","link":"https:\/\/www.bspool.eu\/ca\/politica-privacitat\/","title":{"rendered":"Pol\u00edtica de privacitat"},"content":{"rendered":"<p>[vc_row full_width=&#8221;stretch_row_content_no_spaces&#8221; full_height=&#8221;yes&#8221; css=&#8221;.vc_custom_1567752867180{margin-bottom: 40px !important;background-image: url(https:\/\/www.bspool.eu\/wp-content\/uploads\/2019\/08\/banner-relacionados.jpg?id=768) !important;background-position: center !important;background-repeat: no-repeat !important;background-size: cover !important;}&#8221; el_class=&#8221;banner&#8221;][vc_column][vc_row_inner row_content_width=&#8221;container&#8221;][vc_column_inner][vc_custom_heading text=&#8221;Pol\u00edtica de privacitat&#8221; font_container=&#8221;tag:h1|text_align:center|color:%23ffffff&#8221; use_theme_fonts=&#8221;yes&#8221; font_weight=&#8221;font-weight: 400;&#8221;][vc_single_image image=&#8221;306&#8243; img_size=&#8221;full&#8221; alignment=&#8221;center&#8221; onclick=&#8221;custom_link&#8221; image_svg=&#8221;yes&#8221; image_content_width=&#8221;50px&#8221; link=&#8221;#content&#8221; el_class=&#8221;banner-icon-scroll&#8221;][\/vc_column_inner][\/vc_row_inner][\/vc_column][\/vc_row][vc_row row_content_width=&#8221;container&#8221; el_id=&#8221;content&#8221; css=&#8221;.vc_custom_1567752941429{margin-bottom: 40px !important;}&#8221;][vc_column][vc_column_text]<strong>Pol\u00edtica de privacitat<\/strong><\/p>\n<hr \/>\n<p>En compliment del Reglament (UE) 2016\/679 del Parlament Europeu i del Consell, de 27 d&#8217;abril de 2016, relatiu a la protecci\u00f3 de les persones f\u00edsiques pel que fa al tractament de dades personals, pel qual es deroga la directiva 95\/46\/CE (d&#8217;ara endavant, RGPD), de la Llei 34\/2002, d&#8217;11 de juliol, de serveis de la societat de la informaci\u00f3 i de comer\u00e7 electr\u00f2nic (d&#8217;ara endavant,\u00a0LSSI-CE)\u00a0i de la Llei org\u00e0nica 3\/2018, de Protecci\u00f3 de Dades Personals i garantia dels drets digitals,\u00a0BSV\u00a0ELECTRONIC\u00a0SL garanteix la protecci\u00f3 i confidencialitat de les dades personals, de qualsevol tipus que ens proporcionin els nostres clients, d&#8217;acord amb el que es disposa en el Reglament General de Protecci\u00f3 de Dades de Car\u00e0cter Personal.<br \/>\nLa Pol\u00edtica de Protecci\u00f3 de Dades de\u00a0BSV\u00a0ELECTRONIC\u00a0SL descansa en el principi de responsabilitat proactiva, segons el qual el Responsable del tractament \u00e9s responsable del compliment del marc normatiu i jurisprudencial, sent capa\u00e7 de demostrar-lo davant les autoritats de control corresponents.<br \/>\nLes dades facilitades seran tractats en els termes establerts en el RGPD; en aquest sentit,\u00a0BSV\u00a0ELECTRONIC\u00a0SL ha adoptat els nivells de protecci\u00f3 que legalment s&#8217;exigeixen, i ha instal\u00b7lat totes les mesures t\u00e8cniques al seu abast per a evitar la p\u00e8rdua, mal \u00fas, alteraci\u00f3, acc\u00e9s no autoritzat per tercers, exposats a continuaci\u00f3. No obstant aix\u00f2, l&#8217;usuari ha de ser conscient que les mesures de seguretat en Internet no s\u00f3n inexpugnables.<\/p>\n<p><strong>Responsable del tractament: Qui som?<\/strong><br \/>\nDenominaci\u00f3:\u00a0BSV\u00a0ELECTRONIC\u00a0SL<br \/>\nCIF: B08960718<br \/>\nAdre\u00e7a: Carrer Ribera Congost, n\u00fam. 40A, P.I. Sector V, 08520, Les Franqueses del Vall\u00e8s, Barcelona<br \/>\nTel\u00e8fon: 938615115<br \/>\nCorreu electr\u00f2nic: bsv@bsvelectronic.com<\/p>\n<p><strong>Tractament de dades: Quines dades tractem i quin \u00e9s el seu origen?<\/strong><br \/>\nSegons la relaci\u00f3 que pugui tenir amb nosaltres, es poden tractar les seg\u00fcents categories de dades personals, aix\u00ed com obtenir les dades des de diferents fonts:<\/p>\n<p>Formularis i crides de contacte: Les dades provenen del propi interessat, o del seu representant legal. Les categories de dades que es tractaran s\u00f3n \u00abDades identificatives\u00bb (nom, correu electr\u00f2nic i tel\u00e8fon).<\/p>\n<p>Sol\u00b7licitud de pressupostos: Les dades provenen del propi interessat, o del seu representant legal. Les categories de dades que es tractaran s\u00f3n \u00abIdentificatius\u00bb (nom, correu electr\u00f2nic, tel\u00e8fon).<\/p>\n<p>Prestaci\u00f3 de serveis o venda de productes: Les dades provenen del propi interessat, o del seu representant legal. Les categories de dades que es tractaran s\u00f3n \u00abIdentificatius\u00bb (nom, correu electr\u00f2nic, tel\u00e8fon, adre\u00e7a postal) i \u00abEcon\u00f2mics\u00bb (dades banc\u00e0ries)<\/p>\n<p>Enviament de comunicacions comercials: Les dades provenen del propi interessat, o del seu representant legal. Les categories de dades que es tractaran s\u00f3n \u00abIdentificatius\u00bb (nom, correu electr\u00f2nic, tel\u00e8fon, imatge). Se sol\u00b7licitar\u00e0 consentiment expr\u00e9s per a aix\u00f2.<\/p>\n<p><strong>Finalitat del tractament: Per a qu\u00e8 usarem les seves dades?<\/strong><br \/>\nFormularis de contacte: Totes les dades facilitades pels nostres visitants en la web de\u00a0BSVvELECTRONIC\u00a0SL seran inclosos en registre d&#8217;activitats de tractament de dades de car\u00e0cter personal, creat i mantingut sota la responsabilitat de\u00a0BSV\u00a0ELECTRONIC\u00a0SL, imprescindibles per a resoldre els dubtes o sol\u00b7licituds d&#8217;informaci\u00f3 remeses pels nostres visitants.<\/p>\n<p>Atenci\u00f3 al client: Totes les dades facilitades pels nostres clients seran inclosos en registre d&#8217;activitats de tractament de dades de car\u00e0cter personal, creat i mantingut sota la responsabilitat de\u00a0BSV\u00a0ELECTRONIC\u00a0SL, imprescindibles per a prestar els serveis contractats pels nostres clients, aix\u00ed com per a resoldre els dubtes o q\u00fcestions que ens plantegin a trav\u00e9s dels nostres canals d&#8217;atenci\u00f3 al client.<\/p>\n<p>Crides rebudes: Totes les dades facilitades pels interessats que contactin a\u00a0BSV\u00a0ELECTRONIC\u00a0SL seran inclosos en registre d&#8217;activitats de tractament de dades de car\u00e0cter personal, creat i mantingut sota la responsabilitat de\u00a0BSV\u00a0ELECTRONIC\u00a0SL, imprescindibles per a resoldre els dubtes o sol\u00b7licituds d&#8217;informaci\u00f3<br \/>\nque ens realitzin.<\/p>\n<p>Visitants web: Realitzem un seguiment anonimitzat dels visitants a la p\u00e0gina web de\u00a0BSV\u00a0ELECTRONIC\u00a0SL, per a con\u00e8ixer quines p\u00e0gines i serveis tenen major rellev\u00e0ncia per als nostres potencials clients.<\/p>\n<p>Butllet\u00ed productes i serveis: Als clients que marquin la casella de consentiment d&#8217;enviament de comunicacions comercials\/publicitat, els enviarem informaci\u00f3 relacionada els productes\/serveis que oferim.<\/p>\n<p><strong>Legitimitat del tractament: Per qu\u00e8 necessitem les seves dades?<\/strong><br \/>\na) Relaci\u00f3 contractual: \u00c9s la que aplica quan contracta algun dels nostres serveis\/productes.<br \/>\nb) Inter\u00e8s leg\u00edtim: Per a atendre les consultes i reclamacions que ens plantegi i per a gestionar el cobrament de les quantitats degudes.<br \/>\nc) El seu consentiment: Si \u00e9s usuari de la nostra web, mitjan\u00e7ant la marcaci\u00f3 de la casella que figura en el formulari de contacte, ens autoritza al fet que li remetem les comunicacions necess\u00e0ries per a donar resposta a la consulta o sol\u00b7licitud d&#8217;informaci\u00f3 plantejada i l&#8217;enviament de publicitat amb el previ consentiment de l&#8217;usuari.<\/p>\n<p><strong>Destinataris: Amb qui compartim les seves dades?<\/strong><br \/>\nCedim les seves dades personals a les entitats necess\u00e0ries per a aconseguir la finalitat del tractament i a aquelles entitats a les quals estiguem obligats a fi del compliment d&#8217;alguna llei.<br \/>\nEn el cas que, al marge dels sup\u00f2sits comentats, necessitem donar a con\u00e8ixer la seva informaci\u00f3 personal a altres entitats, li sol\u00b7licitarem pr\u00e8viament el seu perm\u00eds a trav\u00e9s d&#8217;opcions clares que li permetran decidir referent a aix\u00f2.<\/p>\n<p><strong>Comunicaci\u00f3: On podr\u00edem enviar les teves dades?<\/strong><br \/>\nNo realitzarem transfer\u00e8ncies internacionals de les seves dades personals per a cap de les finalitats indicades.<\/p>\n<p><strong>Conservaci\u00f3: Quant temps mantindrem les teves dades?<\/strong><br \/>\nNom\u00e9s conservarem les seves dades personals durant el temps que resulti necessari per a aconseguir els fins per als quals van ser recaptats. A l&#8217;hora de determinar l&#8217;oport\u00fa per\u00edode de conservaci\u00f3, examinem els riscos que comporta el tractament, aix\u00ed com les nostres obligacions contractuals, legals i normatives, les pol\u00edtiques internes de conservaci\u00f3 de dades i els nostres interessos de negoci leg\u00edtims descrits en el present Av\u00eds de Privacitat i Pol\u00edtica de Cookies.<br \/>\nEn aquest sentit,\u00a0BSV\u00a0ELECTRONIC\u00a0SL conservar\u00e0 les dades personals una vegada acabada la seva relaci\u00f3 amb Vost\u00e8, degudament bloquejats, durant el termini de prescripci\u00f3 de les accions que poguessin derivar-se de la relaci\u00f3 mantinguda amb l&#8217;interessat.<br \/>\nUna vegada bloquejats, les seves dades resultaran inaccessibles per a\u00a0BSV\u00a0ELECTRONIC\u00a0SL, i no seran tractats excepte per a la seva posada a disposici\u00f3 a les Administracions p\u00fabliques, Jutges i Tribunals, per a l&#8217;atenci\u00f3 de les possibles responsabilitats nascudes dels tractaments, aix\u00ed com per a l&#8217;exercici i defensa de reclamacions davant l&#8217;Ag\u00e8ncia Espanyola de Protecci\u00f3 de Dades.<\/p>\n<p><strong>Seguretat: Com protegirem les seves dades?<\/strong><br \/>\nEmprem tots els esfor\u00e7os raonables per a mantenir la confidencialitat de la informaci\u00f3 personal que es tracti en els nostres sistemes. Mantenim estrictes nivells de seguretat per a protegir les dades de\u00a0 car\u00e0cter personal que processem enfront de p\u00e8rdues fortu\u00eftes i a accessos, tractaments o revelacions no autoritzats, tenint en compte de l&#8217;estat de la tecnologia, la naturalesa i els riscos al fet que estan exposats les dades. No obstant aix\u00f2, no podem responsabilitzar-nos de l&#8217;\u00fas que Vost\u00e8 faci de les dades (incl\u00f2s usuari i contrasenya) que utilitzi en la nostra web. El nostre personal segueix estrictes normes de privacitat i en el cas que contractem tercers per a prestar serveis de suport, els exigim que acatin les mateixes normes i ens permetin auditar-los per a verificar el seu compliment.<\/p>\n<p><strong>Els seus drets: Quins drets pot exercir com a interessat?<\/strong><br \/>\nL&#8217;informem que podr\u00e0 exercir els seg\u00fcents drets:<br \/>\na) Dret d&#8217;acc\u00e9s a les seves dades personals, per a saber quins estan sent objecte de tractament i les operacions de tractament dutes a terme amb ells;<br \/>\nb) Dret de rectificaci\u00f3 de qualsevol dada personal inexacta;<br \/>\nc) Dret de supressi\u00f3 de les seves dades personals, quan aix\u00f2 sigui possible (per exemple, per imperatiu legal);<br \/>\nd) Dret de limitaci\u00f3 del tractament de les seves dades personals quan l&#8217;exactitud, la legalitat o la necessitat del tractament de les dades resulti dubtosa, i en aquest cas, podrem conservar-los per a l&#8217;exercici o la defensa de reclamacions.<br \/>\ne) Dret d&#8217;oposici\u00f3 al tractament de les seves dades personals, quan la base legal que ens habiliti per al seu tractament de les indicades sigui el nostre inter\u00e8s leg\u00edtim.\u00a0BSV\u00a0ELECTRONIC\u00a0SL deixar\u00e0 de tractar les teves dades tret que tingui un inter\u00e8s leg\u00edtim o sigui necessari per a la defensa de reclamacions, quan escaigui aquest dret.<br \/>\nf) Dret a la portabilitat de les seves dades, quan la base legal que ens habiliti per al seu tractament sigui l&#8217;exist\u00e8ncia d&#8217;una relaci\u00f3 contractual o el seu consentiment.<br \/>\ng) Dret a revocar el consentiment atorgat a\u00a0BSV\u00a0ELECTRONIC\u00a0SL. Per a exercitar els seus drets, pot fer-ho de manera gratu\u00efta i en qualsevol moment, contactant amb nosaltres en l&#8217;adre\u00e7a Carrer Ribera Congost, n\u00fam. 40A, P.I. Sector V, 08520, Les Franqueses del Vall\u00e8s, Barcelona, o escrivint un correu a bsv@bsvelectronic.com.<\/p>\n<p><strong>Tutela de drets: On pot formular una reclamaci\u00f3?<\/strong><br \/>\nEn cas que entengui que els seus drets han estat desatesos per la nostra entitat, pot formular una reclamaci\u00f3 en l&#8217;Ag\u00e8ncia Espanyola de Protecci\u00f3 de Dades, a trav\u00e9s d&#8217;algun dels mitjans seg\u00fcents:<br \/>\n.- Seu electr\u00f2nica: https:\/\/www.aepd.es<br \/>\n.- Correu postal: Ag\u00e8ncia Espanyola de Protecci\u00f3 de Dades, C\/ Jorge Juan, 6, 28001, Madrid<br \/>\n.- Tel\u00e8fon: 901.100.099 i 912.663.517<br \/>\nFormular una reclamaci\u00f3 en l&#8217;Ag\u00e8ncia Espanyola de Protecci\u00f3 de Dades no comporta cap cost i no \u00e9s necess\u00e0ria l&#8217;assist\u00e8ncia d&#8217;advocat ni procurador.<\/p>\n<p><strong>Actualitzacions: Quins canvis pot haver-hi en aquesta Pol\u00edtica de Privacitat?<\/strong><br \/>\nBSV\u00a0ELECTRONIC\u00a0SL es reserva el dret a modificar la present pol\u00edtica per a adaptar-la a novetats legislatives o jurisprudencials que puguin afectar el compliment d&#8217;aquesta.<br \/>\nA fi de garantir el compliment de la normativa sobre protecci\u00f3 de dades de car\u00e0cter personal,\u00a0BSV\u00a0ELECTRONIC\u00a0SL ha rebut els serveis de consultoria i assessorament per part de\u00a0<a href=\"https:\/\/clickdatos.es\/\">ClickDatos<\/a>.[\/vc_column_text][\/vc_column][\/vc_row]<\/p>\n","protected":false},"excerpt":{"rendered":"<p>[vc_row full_width=&#8221;stretch_row_content_no_spaces&#8221; full_height=&#8221;yes&#8221; css=&#8221;.vc_custom_1567752867180{margin-bottom: 40px !important;background-image: url(https:\/\/www.bspool.eu\/wp-content\/uploads\/2019\/08\/banner-relacionados.jpg?id=768) !important;background-position: center !important;background-repeat: no-repeat !important;background-size: cover !important;}&#8221; el_class=&#8221;banner&#8221;][vc_column][vc_row_inner row_content_width=&#8221;container&#8221;][vc_column_inner][vc_custom_heading text=&#8221;Pol\u00edtica de privacitat&#8221; font_container=&#8221;tag:h1|text_align:center|color:%23ffffff&#8221; use_theme_fonts=&#8221;yes&#8221; font_weight=&#8221;font-weight: 400;&#8221;][vc_single_image image=&#8221;306&#8243; img_size=&#8221;full&#8221; alignment=&#8221;center&#8221; onclick=&#8221;custom_link&#8221; image_svg=&#8221;yes&#8221; image_content_width=&#8221;50px&#8221; link=&#8221;#content&#8221; el_class=&#8221;banner-icon-scroll&#8221;][\/vc_column_inner][\/vc_row_inner][\/vc_column][\/vc_row][vc_row row_content_width=&#8221;container&#8221; el_id=&#8221;content&#8221; css=&#8221;.vc_custom_1567752941429{margin-bottom: 40px !important;}&#8221;][vc_column][vc_column_text]Pol\u00edtica de privacitat En compliment del Reglament (UE) 2016\/679 del Parlament Europeu i del Consell, de 27 d&#8217;abril de 2016, [&hellip;]<\/p>\n","protected":false},"author":1,"featured_media":0,"parent":0,"menu_order":0,"comment_status":"closed","ping_status":"open","template":"","meta":[],"_links":{"self":[{"href":"https:\/\/www.bspool.eu\/ca\/wp-json\/wp\/v2\/pages\/2545"}],"collection":[{"href":"https:\/\/www.bspool.eu\/ca\/wp-json\/wp\/v2\/pages"}],"about":[{"href":"https:\/\/www.bspool.eu\/ca\/wp-json\/wp\/v2\/types\/page"}],"author":[{"embeddable":true,"href":"https:\/\/www.bspool.eu\/ca\/wp-json\/wp\/v2\/users\/1"}],"replies":[{"embeddable":true,"href":"https:\/\/www.bspool.eu\/ca\/wp-json\/wp\/v2\/comments?post=2545"}],"version-history":[{"count":4,"href":"https:\/\/www.bspool.eu\/ca\/wp-json\/wp\/v2\/pages\/2545\/revisions"}],"predecessor-version":[{"id":14375,"href":"https:\/\/www.bspool.eu\/ca\/wp-json\/wp\/v2\/pages\/2545\/revisions\/14375"}],"wp:attachment":[{"href":"https:\/\/www.bspool.eu\/ca\/wp-json\/wp\/v2\/media?parent=2545"}],"curies":[{"name":"wp","href":"https:\/\/api.w.org\/{rel}","templated":true}]}}